{"id":3006,"date":"2023-02-21T09:38:31","date_gmt":"2023-02-21T08:38:31","guid":{"rendered":"https:\/\/petitsoignons.complexe.foodle.co\/franse-en-de-mediterrane-keuken\/"},"modified":"2026-03-23T12:23:02","modified_gmt":"2026-03-23T11:23:02","slug":"franse-en-de-mediterrane-keuken","status":"publish","type":"page","link":"https:\/\/restaurant-petits-oignons-bruxelles.be\/nl\/franse-en-de-mediterrane-keuken\/","title":{"rendered":"Franse en de mediterrane keuken"},"content":{"rendered":"<div id='av_section_1'  class='avia-section av-ap2klr-2f8edfc5442218e8c001d0bc7a98977f main_color avia-section-default avia-no-border-styling  avia-builder-el-0  el_before_av_section  avia-builder-el-first  avia-bg-style-scroll container_wrap fullsize'  ><div class='container av-section-cont-open' ><main  role=\"main\" itemprop=\"mainContentOfPage\"  class='template-page content  av-content-full alpha units'><div class='post-entry post-entry-type-page post-entry-3006'><div class='entry-content-wrapper clearfix'>\n\n<style type=\"text\/css\" data-created_by=\"avia_inline_auto\" id=\"style-css-av-ledzzgta-f7db0b809daa938a40dd68c3feedf615\">\n#top .av-special-heading.av-ledzzgta-f7db0b809daa938a40dd68c3feedf615{\npadding-bottom:10px;\n}\nbody .av-special-heading.av-ledzzgta-f7db0b809daa938a40dd68c3feedf615 .av-special-heading-tag .heading-char{\nfont-size:25px;\n}\n.av-special-heading.av-ledzzgta-f7db0b809daa938a40dd68c3feedf615 .av-subheading{\nfont-size:15px;\n}\n<\/style>\n<div  class='av-special-heading av-ledzzgta-f7db0b809daa938a40dd68c3feedf615 av-special-heading-h1 blockquote modern-quote  avia-builder-el-1  el_before_av_textblock  avia-builder-el-first '><h1 class='av-special-heading-tag '  itemprop=\"headline\"  >De Kaart<\/h1><div class=\"special-heading-border\"><div class=\"special-heading-inner-border\"><\/div><\/div><\/div>\n<section  class='av_textblock_section av-lee01yxb-485a88faa5e348194c917abb8348e9f9 '   itemscope=\"itemscope\" itemtype=\"https:\/\/schema.org\/CreativeWork\" ><div class='avia_textblock'  itemprop=\"text\" ><p>Onze keuken biedt een zachte combinatie van de Franse en de mediterrane keuken, die mee -evolueert met de seizoenen en de marktaanvoer. Al onze gerechten worden ter plekke bereid met hoogwaardige producten die zorgvuldig door ons worden geselecteerd om u een gastronomische belevenis en een verfijnde keuken aan te kunnen bieden.<\/p>\n<\/div><\/section>\n<div  class='avia-button-wrap av-ledzz0sv-085b95a01255dfb0e1a36732b66f5c5e-wrap avia-button-left  avia-builder-el-3  el_after_av_textblock  el_before_av_two_fifth '><a href='https:\/\/restaurant-petits-oignons-bruxelles.be\/nl\/reservatie-restaurant-brussel\/'  class='avia-button av-ledzz0sv-085b95a01255dfb0e1a36732b66f5c5e av-link-btn avia-icon_select-no avia-size-large avia-position-left av-desktop-hide av-medium-hide av-small-hide av-mini-hide avia-color-theme-color'   aria-label=\"Reserveer een tafel\"><span class='avia_iconbox_title' >Reserveer een tafel<\/span><\/a><\/div>\n<div  class='flex_column av-80vztr-de4b7c7e2490f35c01d24fe1c65cbfd7 av_two_fifth  avia-builder-el-4  el_after_av_button  avia-builder-el-last  first flex_column_div  '     ><p><div  class='avia-button-wrap av-5oaq73-63d6a7084214684f529afdafd394cf54-wrap avia-button-left  avia-builder-el-5  el_before_av_button  avia-builder-el-first '><a href='\/wp-content\/uploads\/sites\/50\/2026\/03\/CARTE-JANVIER-2026-site.pdf'  class='avia-button av-5oaq73-63d6a7084214684f529afdafd394cf54 av-link-btn avia-icon_select-no avia-size-large avia-position-left avia-color-theme-color'  target=\"_blank\"  rel=\"noopener noreferrer\"  aria-label=\"De Kaart\"><span class='avia_iconbox_title' >De Kaart<\/span><\/a><\/div><br \/>\n<div  class='avia-button-wrap av-4b4bmn-8b705bf2a5a32ae8bbed44e1b9a2a840-wrap avia-button-left  avia-builder-el-6  el_after_av_button  el_before_av_button '><a href='\/wp-content\/uploads\/sites\/50\/2023\/03\/Carte-vins-fevrier-2023-V4-copie.pdf'  class='avia-button av-4b4bmn-8b705bf2a5a32ae8bbed44e1b9a2a840 av-link-btn avia-icon_select-no avia-size-large avia-position-left avia-color-theme-color'  target=\"_blank\"  rel=\"noopener noreferrer\"  aria-label=\"De wijnkaart\"><span class='avia_iconbox_title' >De wijnkaart<\/span><\/a><\/div><br \/>\n<div  class='avia-button-wrap av-278ev3-b304598e6b7859dbf6986f081004ac61-wrap avia-button-left  avia-builder-el-7  el_after_av_button  avia-builder-el-last '><a href='https:\/\/restaurant-petits-oignons-bruxelles.be\/nl\/reservatie-restaurant-brussel\/'  class='avia-button av-278ev3-b304598e6b7859dbf6986f081004ac61 av-link-btn avia-icon_select-no avia-size-large avia-position-left avia-color-theme-color'   aria-label=\"Reserveer een tafel\"><span class='avia_iconbox_title' >Reserveer een tafel<\/span><\/a><\/div><\/p><\/div><\/div><\/div><\/main><!-- close content main element --><\/div><\/div><div id='av_section_2'  class='avia-section av-7a2f0v-5678c2a0929a2c2242af63b2e122c4e4 main_color avia-section-default avia-no-border-styling  avia-builder-el-8  el_after_av_section  avia-builder-el-last  avia-bg-style-scroll container_wrap fullsize'  ><div class='container av-section-cont-open' ><div class='template-page content  av-content-full alpha units'><div class='post-entry post-entry-type-page post-entry-3006'><div class='entry-content-wrapper clearfix'>\n<div  class='flex_column av-6dqslb-bcfd793bf9a7ecda0a4d524cdc18d3bb av_three_fifth  avia-builder-el-9  el_before_av_two_fifth  avia-builder-el-first  first flex_column_div  '     ><p>\n<style type=\"text\/css\" data-created_by=\"avia_inline_auto\" id=\"style-css-av-ledzzzme-7f2605ef90d1033fdd9a33511c40b70e\">\n#top .av-special-heading.av-ledzzzme-7f2605ef90d1033fdd9a33511c40b70e{\npadding-bottom:10px;\n}\nbody .av-special-heading.av-ledzzzme-7f2605ef90d1033fdd9a33511c40b70e .av-special-heading-tag .heading-char{\nfont-size:25px;\n}\n.av-special-heading.av-ledzzzme-7f2605ef90d1033fdd9a33511c40b70e .av-subheading{\nfont-size:15px;\n}\n<\/style>\n<div  class='av-special-heading av-ledzzzme-7f2605ef90d1033fdd9a33511c40b70e av-special-heading-h2 blockquote modern-quote  avia-builder-el-10  el_before_av_heading  avia-builder-el-first  av-desktop-hide av-medium-hide av-small-hide av-mini-hide'><h2 class='av-special-heading-tag '  itemprop=\"headline\"  >Les suggestions<\/h2><div class=\"special-heading-border\"><div class=\"special-heading-inner-border\"><\/div><\/div><\/div><br \/>\n\n<style type=\"text\/css\" data-created_by=\"avia_inline_auto\" id=\"style-css-av-lee03hr2-c3260cab0619b2edc2fc7146a80a32cb\">\n#top .av-special-heading.av-lee03hr2-c3260cab0619b2edc2fc7146a80a32cb{\npadding-bottom:10px;\n}\nbody .av-special-heading.av-lee03hr2-c3260cab0619b2edc2fc7146a80a32cb .av-special-heading-tag .heading-char{\nfont-size:25px;\n}\n.av-special-heading.av-lee03hr2-c3260cab0619b2edc2fc7146a80a32cb .av-subheading{\nfont-size:15px;\n}\n<\/style>\n<div  class='av-special-heading av-lee03hr2-c3260cab0619b2edc2fc7146a80a32cb av-special-heading-h3  avia-builder-el-11  el_after_av_heading  el_before_av_catalogue  av-desktop-hide av-medium-hide av-small-hide av-mini-hide'><h3 class='av-special-heading-tag '  itemprop=\"headline\"  >Entr\u00e9es<\/h3><div class=\"special-heading-border\"><div class=\"special-heading-inner-border\"><\/div><\/div><\/div><br \/>\n<div  class='av-catalogue-container av-lee0411h-ec509ff402ecaf4ed1b9f36c3a8a1fa6  avia-builder-el-12  el_after_av_heading  el_before_av_heading  av-desktop-hide av-medium-hide av-small-hide av-mini-hide'><ul class='av-catalogue-list'>\n<li><div class='av-catalogue-item av-lee03t5t-358240faf1bb215a7914fa7d7ad7dc0e' ><div class=\"av-catalogue-item-inner\"><div class=\"av-catalogue-title-container\"><div class='av-catalogue-title'>Asperges \u00e0 la flamande ou sauce mousseline<\/div><div class='av-catalogue-price'>17.00 \u20ac<\/div><\/div><div class=\"av-catalogue-content\"><\/div><\/div><\/div><\/li>\n<li><div class='av-catalogue-item av-ljwqnmdo-79f5177f40e71c0e0aed2c17e22d6f67' ><div class=\"av-catalogue-item-inner\"><div class=\"av-catalogue-title-container\"><div class='av-catalogue-title'>SCAMPIS \u00c0 L\u2019AIL<\/div><div class='av-catalogue-price'>18.00 \u20ac<\/div><\/div><div class=\"av-catalogue-content\"><\/div><\/div><\/div><\/li>\n<li><div class='av-catalogue-item av-ljwqoy1c-95c79e788b3ed7b122071f2697405e9b' ><div class=\"av-catalogue-item-inner\"><div class=\"av-catalogue-title-container\"><div class='av-catalogue-title'>Saut\u00e9 de moules et palourdes au romarin<\/div><div class='av-catalogue-price'>19.00 \u20ac<\/div><\/div><div class=\"av-catalogue-content\"><\/div><\/div><\/div><\/li>\n<li><div class='av-catalogue-item av-ljwqp9ht-0ed861d150a27a409ae272df23c33390' ><div class=\"av-catalogue-item-inner\"><div class=\"av-catalogue-title-container\"><div class='av-catalogue-title'>Maatjes et leur garniture<\/div><div class='av-catalogue-price'>17.00 \u20ac<\/div><\/div><div class=\"av-catalogue-content\"><\/div><\/div><\/div><\/li>\n<\/ul><\/div><br \/>\n\n<style type=\"text\/css\" data-created_by=\"avia_inline_auto\" id=\"style-css-av-lee04ct3-aecfb32834f93d5c635ed90c5ccca118\">\n#top .av-special-heading.av-lee04ct3-aecfb32834f93d5c635ed90c5ccca118{\npadding-bottom:10px;\n}\nbody .av-special-heading.av-lee04ct3-aecfb32834f93d5c635ed90c5ccca118 .av-special-heading-tag .heading-char{\nfont-size:25px;\n}\n.av-special-heading.av-lee04ct3-aecfb32834f93d5c635ed90c5ccca118 .av-subheading{\nfont-size:15px;\n}\n<\/style>\n<div  class='av-special-heading av-lee04ct3-aecfb32834f93d5c635ed90c5ccca118 av-special-heading-h3  avia-builder-el-13  el_after_av_catalogue  el_before_av_catalogue  av-desktop-hide av-medium-hide av-small-hide av-mini-hide'><h3 class='av-special-heading-tag '  itemprop=\"headline\"  >P\u00e2tes et Risotto<\/h3><div class=\"special-heading-border\"><div class=\"special-heading-inner-border\"><\/div><\/div><\/div><br \/>\n<div  class='av-catalogue-container av-lee050py-05718f886df64594802764c82ffad08a  avia-builder-el-14  el_after_av_heading  el_before_av_heading  av-desktop-hide av-medium-hide av-small-hide av-mini-hide'><ul class='av-catalogue-list'>\n<li><div class='av-catalogue-item av-lee04lda-ee34fa0992e8c4fe08c09eea3df04c7d' ><div class=\"av-catalogue-item-inner\"><div class=\"av-catalogue-title-container\"><div class='av-catalogue-title'>Linguini au homard<\/div><div class='av-catalogue-price'>35.00 \u20ac<\/div><\/div><div class=\"av-catalogue-content\"><\/div><\/div><\/div><\/li>\n<li><div class='av-catalogue-item av-lee04seu-cf298857e286d5b9a060b1372cf95c06' ><div class=\"av-catalogue-item-inner\"><div class=\"av-catalogue-title-container\"><div class='av-catalogue-title'>Risotto aux scampis et courgettes<\/div><div class='av-catalogue-price'>27.00 \u20ac<\/div><\/div><div class=\"av-catalogue-content\"><\/div><\/div><\/div><\/li>\n<li><div class='av-catalogue-item av-lee04seu-9-e59df180ca0c875709291b1366accae8' ><div class=\"av-catalogue-item-inner\"><div class=\"av-catalogue-title-container\"><div class='av-catalogue-title'>Penne alla cubana (lard, champignons, tomate)<\/div><div class='av-catalogue-price'>25.00 \u20ac<\/div><\/div><div class=\"av-catalogue-content\"><\/div><\/div><\/div><\/li>\n<li><div class='av-catalogue-item av-lee04seu-9-2-a9be689746251a7744ccf365ccb52780' ><div class=\"av-catalogue-item-inner\"><div class=\"av-catalogue-title-container\"><div class='av-catalogue-title'>Spaghetti Scoglio (Fruits de mer)<\/div><div class='av-catalogue-price'>28.00 \u20ac<\/div><\/div><div class=\"av-catalogue-content\"><\/div><\/div><\/div><\/li>\n<li><div class='av-catalogue-item av-lee04seu-9-1-f5b5aee1a7efdb444909017454f30443' ><div class=\"av-catalogue-item-inner\"><div class=\"av-catalogue-title-container\"><div class='av-catalogue-title'>P\u00e2tes au thon rouge, tomates cerise, basilic<\/div><div class='av-catalogue-price'>28.00 \u20ac<\/div><\/div><div class=\"av-catalogue-content\"><\/div><\/div><\/div><\/li>\n<li><div class='av-catalogue-item av-ljwqt018-567131995c730d743a249e4f34de65d2' ><div class=\"av-catalogue-item-inner\"><div class=\"av-catalogue-title-container\"><div class='av-catalogue-title'>P\u00e2tes aux asperges<\/div><div class='av-catalogue-price'>26.00 \u20ac<\/div><\/div><div class=\"av-catalogue-content\"><\/div><\/div><\/div><\/li>\n<li><div class='av-catalogue-item av-ljwqth3d-e5f40de636b7b7744ed7891529e28221' ><div class=\"av-catalogue-item-inner\"><div class=\"av-catalogue-title-container\"><div class='av-catalogue-title'>Spaghetti Vongole<\/div><div class='av-catalogue-price'>28.00 \u20ac<\/div><\/div><div class=\"av-catalogue-content\"><\/div><\/div><\/div><\/li>\n<\/ul><\/div><br \/>\n\n<style type=\"text\/css\" data-created_by=\"avia_inline_auto\" id=\"style-css-av-lee058zi-963cfbd5a51a836fda94ab7d4c986fd7\">\n#top .av-special-heading.av-lee058zi-963cfbd5a51a836fda94ab7d4c986fd7{\npadding-bottom:10px;\n}\nbody .av-special-heading.av-lee058zi-963cfbd5a51a836fda94ab7d4c986fd7 .av-special-heading-tag .heading-char{\nfont-size:25px;\n}\n.av-special-heading.av-lee058zi-963cfbd5a51a836fda94ab7d4c986fd7 .av-subheading{\nfont-size:15px;\n}\n<\/style>\n<div  class='av-special-heading av-lee058zi-963cfbd5a51a836fda94ab7d4c986fd7 av-special-heading-h3  avia-builder-el-15  el_after_av_catalogue  el_before_av_catalogue  av-desktop-hide av-medium-hide av-small-hide av-mini-hide'><h3 class='av-special-heading-tag '  itemprop=\"headline\"  >Plats<\/h3><div class=\"special-heading-border\"><div class=\"special-heading-inner-border\"><\/div><\/div><\/div><br \/>\n<div  class='av-catalogue-container av-lee05x1q-4f1dff4f029fa8a3388c0b26f27a7764  avia-builder-el-16  el_after_av_heading  el_before_av_heading  av-desktop-hide av-medium-hide av-small-hide av-mini-hide'><ul class='av-catalogue-list'>\n<li><div class='av-catalogue-item av-lee05k6w-3480855dec86d1dbf928914e4ca1439d' ><div class=\"av-catalogue-item-inner\"><div class=\"av-catalogue-title-container\"><div class='av-catalogue-title'>Aile de raie meuni\u00e8re, beurre noisette aux c\u00e2pres, stoemp aux poireaux<\/div><div class='av-catalogue-price'>27.00 \u20ac<\/div><\/div><div class=\"av-catalogue-content\"><\/div><\/div><\/div><\/li>\n<\/ul><\/div><br \/>\n\n<style type=\"text\/css\" data-created_by=\"avia_inline_auto\" id=\"style-css-av-lee06412-c1db175dab862a6d5718bba0739cf32c\">\n#top .av-special-heading.av-lee06412-c1db175dab862a6d5718bba0739cf32c{\npadding-bottom:10px;\n}\nbody .av-special-heading.av-lee06412-c1db175dab862a6d5718bba0739cf32c .av-special-heading-tag .heading-char{\nfont-size:25px;\n}\n.av-special-heading.av-lee06412-c1db175dab862a6d5718bba0739cf32c .av-subheading{\nfont-size:15px;\n}\n<\/style>\n<div  class='av-special-heading av-lee06412-c1db175dab862a6d5718bba0739cf32c av-special-heading-h3  avia-builder-el-17  el_after_av_catalogue  el_before_av_catalogue  av-desktop-hide av-medium-hide av-small-hide av-mini-hide'><h3 class='av-special-heading-tag '  itemprop=\"headline\"  >Desserts<\/h3><div class=\"special-heading-border\"><div class=\"special-heading-inner-border\"><\/div><\/div><\/div><br \/>\n<div  class='av-catalogue-container av-lee0738l-dd65ea60a711875ba50a6590f5263d53  avia-builder-el-18  el_after_av_heading  avia-builder-el-last  av-desktop-hide av-medium-hide av-small-hide av-mini-hide'><ul class='av-catalogue-list'>\n<li><div class='av-catalogue-item av-lee06cu5-bbbaa4398b55232cce56994ccfd7d549' ><div class=\"av-catalogue-item-inner\"><div class=\"av-catalogue-title-container\"><div class='av-catalogue-title'>Orange \u00e0 la Turque, glace \u00e0 la pistache<\/div><div class='av-catalogue-price'>9.00 \u20ac<\/div><\/div><div class=\"av-catalogue-content\"><\/div><\/div><\/div><\/li>\n<li><div class='av-catalogue-item av-lee06k9p-b43ad78a736385a8f4525d0a1312b611' ><div class=\"av-catalogue-item-inner\"><div class=\"av-catalogue-title-container\"><div class='av-catalogue-title'>Baba au rhum et raisins de Corinthe<\/div><div class='av-catalogue-price'>8.00 \u20ac<\/div><\/div><div class=\"av-catalogue-content\"><\/div><\/div><\/div><\/li>\n<li><div class='av-catalogue-item av-ljwquzy4-9bf56822292f136a492471c9121bb71d' ><div class=\"av-catalogue-item-inner\"><div class=\"av-catalogue-title-container\"><div class='av-catalogue-title'>Caf\u00e9 Li\u00e9geois<\/div><div class='av-catalogue-price'>8.00 \u20ac<\/div><\/div><div class=\"av-catalogue-content\"><\/div><\/div><\/div><\/li>\n<li><div class='av-catalogue-item av-ljwqvdf8-e09c17527a359e6e9c1d09956c39e3f1' ><div class=\"av-catalogue-item-inner\"><div class=\"av-catalogue-title-container\"><div class='av-catalogue-title'>Mousse de pralin aux fruits rouges<\/div><div class='av-catalogue-price'>9.00 \u20ac<\/div><\/div><div class=\"av-catalogue-content\"><\/div><\/div><\/div><\/li>\n<\/ul><\/div><\/p><\/div><div  class='flex_column av-436m4v-8f384666e59cb212d477faa0912f9b29 av_two_fifth  avia-builder-el-19  el_after_av_three_fifth  avia-builder-el-last  flex_column_div  '     ><p><div  class='avia-button-wrap av-lee01ev2-9c00764e2ed7f753700bdc3304945cae-wrap avia-button-left  avia-builder-el-20  el_before_av_button  avia-builder-el-first '><a href='\/wp-content\/uploads\/sites\/50\/2023\/07\/CARTE-JUILLET-2023-v3.pdf'  class='avia-button av-lee01ev2-9c00764e2ed7f753700bdc3304945cae av-link-btn avia-icon_select-no avia-size-large avia-position-left av-desktop-hide av-medium-hide av-small-hide av-mini-hide avia-color-theme-color'  target=\"_blank\"  rel=\"noopener noreferrer\"  aria-label=\"De Kaart\"><span class='avia_iconbox_title' >De Kaart<\/span><\/a><\/div><br \/>\n<div  class='avia-button-wrap av-lee08tbz-e3a9e64ddf5bf1b0743e9ee0fe29a6b5-wrap avia-button-left  avia-builder-el-21  el_after_av_button  el_before_av_button '><a href='\/wp-content\/uploads\/sites\/50\/2023\/03\/Carte-vins-fevrier-2023-V4-copie.pdf'  class='avia-button av-lee08tbz-e3a9e64ddf5bf1b0743e9ee0fe29a6b5 av-link-btn avia-icon_select-no avia-size-large avia-position-left av-desktop-hide av-medium-hide av-small-hide av-mini-hide avia-color-theme-color'  target=\"_blank\"  rel=\"noopener noreferrer\"  aria-label=\"De wijnkaart\"><span class='avia_iconbox_title' >De wijnkaart<\/span><\/a><\/div><br \/>\n<div  class='avia-button-wrap av-35ju67-8525ee004cf4feceb14829eb2bdb313e-wrap avia-button-left  avia-builder-el-22  el_after_av_button  avia-builder-el-last '><a href='https:\/\/restaurant-petits-oignons-bruxelles.be\/nl\/reservatie-restaurant-brussel\/'  class='avia-button av-35ju67-8525ee004cf4feceb14829eb2bdb313e av-link-btn avia-icon_select-no avia-size-large avia-position-left av-desktop-hide av-medium-hide av-small-hide av-mini-hide avia-color-theme-color'   aria-label=\"Reserveer een tafel\"><span class='avia_iconbox_title' >Reserveer een tafel<\/span><\/a><\/div><\/p><\/div>\n<\/p>\n","protected":false},"excerpt":{"rendered":"","protected":false},"author":2,"featured_media":0,"parent":0,"menu_order":0,"comment_status":"closed","ping_status":"closed","template":"","meta":{"footnotes":""},"class_list":["post-3006","page","type-page","status-publish","hentry"],"yoast_head":"<!-- This site is optimized with the Yoast SEO plugin v27.5 - https:\/\/yoast.com\/product\/yoast-seo-wordpress\/ -->\n<title>Franse en de mediterrane keuken - Les Petits Oignons<\/title>\n<meta name=\"description\" content=\"La cuisine fran\u00e7aise et m\u00e9diterran\u00e9enne est mise l&#039;honneur au restaurant &quot;Les Petits Oignons&quot;.\" \/>\n<meta name=\"robots\" content=\"index, follow, max-snippet:-1, max-image-preview:large, max-video-preview:-1\" \/>\n<link rel=\"canonical\" href=\"https:\/\/restaurant-petits-oignons-bruxelles.be\/nl\/franse-en-de-mediterrane-keuken\/\" \/>\n<meta property=\"og:locale\" content=\"nl_NL\" \/>\n<meta property=\"og:type\" content=\"article\" \/>\n<meta property=\"og:title\" content=\"Franse en de mediterrane keuken - Les Petits Oignons\" \/>\n<meta property=\"og:description\" content=\"La cuisine fran\u00e7aise et m\u00e9diterran\u00e9enne est mise l&#039;honneur au restaurant &quot;Les Petits Oignons&quot;.\" \/>\n<meta property=\"og:url\" content=\"https:\/\/restaurant-petits-oignons-bruxelles.be\/nl\/franse-en-de-mediterrane-keuken\/\" \/>\n<meta property=\"og:site_name\" content=\"Les Petits Oignons\" \/>\n<meta property=\"article:publisher\" content=\"https:\/\/www.facebook.com\/petitsoignons\" \/>\n<meta property=\"article:modified_time\" content=\"2026-03-23T11:23:02+00:00\" \/>\n<meta name=\"twitter:card\" content=\"summary_large_image\" \/>\n<meta name=\"twitter:label1\" content=\"Geschatte leestijd\" \/>\n\t<meta name=\"twitter:data1\" content=\"2 minuten\" \/>\n<script type=\"application\/ld+json\" class=\"yoast-schema-graph\">{\"@context\":\"https:\\\/\\\/schema.org\",\"@graph\":[{\"@type\":\"WebPage\",\"@id\":\"https:\\\/\\\/restaurant-petits-oignons-bruxelles.be\\\/nl\\\/franse-en-de-mediterrane-keuken\\\/\",\"url\":\"https:\\\/\\\/restaurant-petits-oignons-bruxelles.be\\\/nl\\\/franse-en-de-mediterrane-keuken\\\/\",\"name\":\"Franse en de mediterrane keuken - Les Petits Oignons\",\"isPartOf\":{\"@id\":\"https:\\\/\\\/restaurant-petits-oignons-bruxelles.be\\\/nl\\\/#website\"},\"datePublished\":\"2023-02-21T08:38:31+00:00\",\"dateModified\":\"2026-03-23T11:23:02+00:00\",\"description\":\"La cuisine fran\u00e7aise et m\u00e9diterran\u00e9enne est mise l'honneur au restaurant \\\"Les Petits Oignons\\\".\",\"breadcrumb\":{\"@id\":\"https:\\\/\\\/restaurant-petits-oignons-bruxelles.be\\\/nl\\\/franse-en-de-mediterrane-keuken\\\/#breadcrumb\"},\"inLanguage\":\"nl-NL\",\"potentialAction\":[{\"@type\":\"ReadAction\",\"target\":[\"https:\\\/\\\/restaurant-petits-oignons-bruxelles.be\\\/nl\\\/franse-en-de-mediterrane-keuken\\\/\"]}]},{\"@type\":\"BreadcrumbList\",\"@id\":\"https:\\\/\\\/restaurant-petits-oignons-bruxelles.be\\\/nl\\\/franse-en-de-mediterrane-keuken\\\/#breadcrumb\",\"itemListElement\":[{\"@type\":\"ListItem\",\"position\":1,\"name\":\"Accueil\",\"item\":\"https:\\\/\\\/restaurant-petits-oignons-bruxelles.be\\\/nl\\\/\"},{\"@type\":\"ListItem\",\"position\":2,\"name\":\"Franse en de mediterrane keuken\"}]},{\"@type\":\"WebSite\",\"@id\":\"https:\\\/\\\/restaurant-petits-oignons-bruxelles.be\\\/nl\\\/#website\",\"url\":\"https:\\\/\\\/restaurant-petits-oignons-bruxelles.be\\\/nl\\\/\",\"name\":\"Les Petits Oignons\",\"description\":\"Cuisine de brasserie d\u2019inspiration fran\u00e7aise et m\u00e9diterran\u00e9enne \u00e0 Bruxelles.\",\"publisher\":{\"@id\":\"https:\\\/\\\/restaurant-petits-oignons-bruxelles.be\\\/nl\\\/#organization\"},\"potentialAction\":[{\"@type\":\"SearchAction\",\"target\":{\"@type\":\"EntryPoint\",\"urlTemplate\":\"https:\\\/\\\/restaurant-petits-oignons-bruxelles.be\\\/nl\\\/?s={search_term_string}\"},\"query-input\":{\"@type\":\"PropertyValueSpecification\",\"valueRequired\":true,\"valueName\":\"search_term_string\"}}],\"inLanguage\":\"nl-NL\"},{\"@type\":\"Organization\",\"@id\":\"https:\\\/\\\/restaurant-petits-oignons-bruxelles.be\\\/nl\\\/#organization\",\"name\":\"Les Petits Oignons\",\"url\":\"https:\\\/\\\/restaurant-petits-oignons-bruxelles.be\\\/nl\\\/\",\"logo\":{\"@type\":\"ImageObject\",\"inLanguage\":\"nl-NL\",\"@id\":\"https:\\\/\\\/restaurant-petits-oignons-bruxelles.be\\\/nl\\\/#\\\/schema\\\/logo\\\/image\\\/\",\"url\":\"https:\\\/\\\/petitsoignons.complexe.foodle.co\\\/wp-content\\\/uploads\\\/sites\\\/50\\\/2023\\\/01\\\/LOGO-petits-oignons.png\",\"contentUrl\":\"https:\\\/\\\/petitsoignons.complexe.foodle.co\\\/wp-content\\\/uploads\\\/sites\\\/50\\\/2023\\\/01\\\/LOGO-petits-oignons.png\",\"width\":822,\"height\":125,\"caption\":\"Les Petits Oignons\"},\"image\":{\"@id\":\"https:\\\/\\\/restaurant-petits-oignons-bruxelles.be\\\/nl\\\/#\\\/schema\\\/logo\\\/image\\\/\"},\"sameAs\":[\"https:\\\/\\\/www.facebook.com\\\/petitsoignons\",\"https:\\\/\\\/www.instagram.com\\\/lespetitsoignons\\\/\"]}]}<\/script>\n<!-- \/ Yoast SEO plugin. -->","yoast_head_json":{"title":"Franse en de mediterrane keuken - Les Petits Oignons","description":"La cuisine fran\u00e7aise et m\u00e9diterran\u00e9enne est mise l'honneur au restaurant \"Les Petits Oignons\".","robots":{"index":"index","follow":"follow","max-snippet":"max-snippet:-1","max-image-preview":"max-image-preview:large","max-video-preview":"max-video-preview:-1"},"canonical":"https:\/\/restaurant-petits-oignons-bruxelles.be\/nl\/franse-en-de-mediterrane-keuken\/","og_locale":"nl_NL","og_type":"article","og_title":"Franse en de mediterrane keuken - Les Petits Oignons","og_description":"La cuisine fran\u00e7aise et m\u00e9diterran\u00e9enne est mise l'honneur au restaurant \"Les Petits Oignons\".","og_url":"https:\/\/restaurant-petits-oignons-bruxelles.be\/nl\/franse-en-de-mediterrane-keuken\/","og_site_name":"Les Petits Oignons","article_publisher":"https:\/\/www.facebook.com\/petitsoignons","article_modified_time":"2026-03-23T11:23:02+00:00","twitter_card":"summary_large_image","twitter_misc":{"Geschatte leestijd":"2 minuten"},"schema":{"@context":"https:\/\/schema.org","@graph":[{"@type":"WebPage","@id":"https:\/\/restaurant-petits-oignons-bruxelles.be\/nl\/franse-en-de-mediterrane-keuken\/","url":"https:\/\/restaurant-petits-oignons-bruxelles.be\/nl\/franse-en-de-mediterrane-keuken\/","name":"Franse en de mediterrane keuken - Les Petits Oignons","isPartOf":{"@id":"https:\/\/restaurant-petits-oignons-bruxelles.be\/nl\/#website"},"datePublished":"2023-02-21T08:38:31+00:00","dateModified":"2026-03-23T11:23:02+00:00","description":"La cuisine fran\u00e7aise et m\u00e9diterran\u00e9enne est mise l'honneur au restaurant \"Les Petits Oignons\".","breadcrumb":{"@id":"https:\/\/restaurant-petits-oignons-bruxelles.be\/nl\/franse-en-de-mediterrane-keuken\/#breadcrumb"},"inLanguage":"nl-NL","potentialAction":[{"@type":"ReadAction","target":["https:\/\/restaurant-petits-oignons-bruxelles.be\/nl\/franse-en-de-mediterrane-keuken\/"]}]},{"@type":"BreadcrumbList","@id":"https:\/\/restaurant-petits-oignons-bruxelles.be\/nl\/franse-en-de-mediterrane-keuken\/#breadcrumb","itemListElement":[{"@type":"ListItem","position":1,"name":"Accueil","item":"https:\/\/restaurant-petits-oignons-bruxelles.be\/nl\/"},{"@type":"ListItem","position":2,"name":"Franse en de mediterrane keuken"}]},{"@type":"WebSite","@id":"https:\/\/restaurant-petits-oignons-bruxelles.be\/nl\/#website","url":"https:\/\/restaurant-petits-oignons-bruxelles.be\/nl\/","name":"Les Petits Oignons","description":"Cuisine de brasserie d\u2019inspiration fran\u00e7aise et m\u00e9diterran\u00e9enne \u00e0 Bruxelles.","publisher":{"@id":"https:\/\/restaurant-petits-oignons-bruxelles.be\/nl\/#organization"},"potentialAction":[{"@type":"SearchAction","target":{"@type":"EntryPoint","urlTemplate":"https:\/\/restaurant-petits-oignons-bruxelles.be\/nl\/?s={search_term_string}"},"query-input":{"@type":"PropertyValueSpecification","valueRequired":true,"valueName":"search_term_string"}}],"inLanguage":"nl-NL"},{"@type":"Organization","@id":"https:\/\/restaurant-petits-oignons-bruxelles.be\/nl\/#organization","name":"Les Petits Oignons","url":"https:\/\/restaurant-petits-oignons-bruxelles.be\/nl\/","logo":{"@type":"ImageObject","inLanguage":"nl-NL","@id":"https:\/\/restaurant-petits-oignons-bruxelles.be\/nl\/#\/schema\/logo\/image\/","url":"https:\/\/petitsoignons.complexe.foodle.co\/wp-content\/uploads\/sites\/50\/2023\/01\/LOGO-petits-oignons.png","contentUrl":"https:\/\/petitsoignons.complexe.foodle.co\/wp-content\/uploads\/sites\/50\/2023\/01\/LOGO-petits-oignons.png","width":822,"height":125,"caption":"Les Petits Oignons"},"image":{"@id":"https:\/\/restaurant-petits-oignons-bruxelles.be\/nl\/#\/schema\/logo\/image\/"},"sameAs":["https:\/\/www.facebook.com\/petitsoignons","https:\/\/www.instagram.com\/lespetitsoignons\/"]}]}},"_links":{"self":[{"href":"https:\/\/restaurant-petits-oignons-bruxelles.be\/nl\/wp-json\/wp\/v2\/pages\/3006","targetHints":{"allow":["GET"]}}],"collection":[{"href":"https:\/\/restaurant-petits-oignons-bruxelles.be\/nl\/wp-json\/wp\/v2\/pages"}],"about":[{"href":"https:\/\/restaurant-petits-oignons-bruxelles.be\/nl\/wp-json\/wp\/v2\/types\/page"}],"author":[{"embeddable":true,"href":"https:\/\/restaurant-petits-oignons-bruxelles.be\/nl\/wp-json\/wp\/v2\/users\/2"}],"replies":[{"embeddable":true,"href":"https:\/\/restaurant-petits-oignons-bruxelles.be\/nl\/wp-json\/wp\/v2\/comments?post=3006"}],"version-history":[{"count":39,"href":"https:\/\/restaurant-petits-oignons-bruxelles.be\/nl\/wp-json\/wp\/v2\/pages\/3006\/revisions"}],"predecessor-version":[{"id":4572,"href":"https:\/\/restaurant-petits-oignons-bruxelles.be\/nl\/wp-json\/wp\/v2\/pages\/3006\/revisions\/4572"}],"wp:attachment":[{"href":"https:\/\/restaurant-petits-oignons-bruxelles.be\/nl\/wp-json\/wp\/v2\/media?parent=3006"}],"curies":[{"name":"wp","href":"https:\/\/api.w.org\/{rel}","templated":true}]}}